{"id":854,"date":"2023-04-19T17:25:39","date_gmt":"2023-04-19T15:25:39","guid":{"rendered":"http:\/\/29014.web.zcom.it\/associazione\/"},"modified":"2026-01-21T11:55:26","modified_gmt":"2026-01-21T10:55:26","slug":"associazione","status":"publish","type":"page","link":"https:\/\/fussball-ueberetsch.com\/it\/associazione\/","title":{"rendered":"Associazione"},"content":{"rendered":"<p><div class=\"fusion-fullwidth fullwidth-box fusion-builder-row-1 fusion-flex-container has-pattern-background has-mask-background fusion-parallax-none nonhundred-percent-fullwidth non-hundred-percent-height-scrolling fusion-animated\" style=\"--awb-border-radius-top-left:0px;--awb-border-radius-top-right:0px;--awb-border-radius-bottom-right:0px;--awb-border-radius-bottom-left:0px;--awb-padding-top:14vw;--awb-padding-bottom:14vw;--awb-background-color:#ffffff;--awb-background-color-small:var(--awb-color4);--awb-background-image:url(&quot;http:\/\/29014.web.zcom.it\/wp-content\/uploads\/2023\/05\/FC-Verein7.jpg&quot;);--awb-background-image-small:url(&#039;http:\/\/29014.web.zcom.it\/wp-content\/uploads\/2023\/05\/fcuebeeretsch_vereinbg-300x263.jpg&#039;);--awb-background-size:cover;--awb-animation-color:var(--awb-color4);\" data-animationType=\"revealInLeft\" data-animationDuration=\"0.8\" data-animationOffset=\"top-into-view\" ><div class=\"awb-background-pattern\" style=\"background-image:  url(data:image\/svg+xml;utf8,%3Csvg%20width%3D%2260%22%20height%3D%2260%22%20fill%3D%22none%22%20xmlns%3D%22http%3A%2F%2Fwww.w3.org%2F2000%2Fsvg%22%3E%3Cpath%20d%3D%22M6%204a2%202%200%2011-4%200%202%202%200%20014%200%22%20fill%3D%22rgba%28242%2C243%2C245%2C1%29%22%2F%3E%3C%2Fsvg%3E);opacity: 0.36 ;background-size:4%;mix-blend-mode:normal;\"><\/div><div class=\"fusion-builder-row fusion-row fusion-flex-align-items-flex-start\" style=\"max-width:1976px;margin-left: calc(-4% \/ 2 );margin-right: calc(-4% \/ 2 );\"><div class=\"fusion-layout-column fusion_builder_column fusion-builder-column-0 fusion_builder_column_1_2 1_2 fusion-flex-column fusion-animated\" style=\"--awb-bg-size:cover;--awb-width-large:50%;--awb-margin-top-large:0px;--awb-spacing-right-large:3.84%;--awb-margin-bottom-large:0px;--awb-spacing-left-large:3.84%;--awb-width-medium:50%;--awb-order-medium:0;--awb-spacing-right-medium:3.84%;--awb-spacing-left-medium:3.84%;--awb-width-small:100%;--awb-order-small:0;--awb-spacing-right-small:1.92%;--awb-spacing-left-small:1.92%;\" data-animationType=\"fadeInUp\" data-animationDuration=\"0.8\" data-animationDelay=\"0.8\" data-animationOffset=\"top-into-view\"><div class=\"fusion-column-wrapper fusion-column-has-shadow fusion-flex-justify-content-flex-start fusion-content-layout-column\"><div class=\"fusion-text fusion-text-1\" style=\"--awb-font-size:46px;--awb-line-height:55px;--awb-text-color:#000000;--awb-text-font-family:&quot;Oswald&quot;;--awb-text-font-style:normal;--awb-text-font-weight:400;\"><h2>La nostra associazione<\/h2>\n<\/div><div class=\"fusion-text fusion-text-2\" style=\"--awb-font-size:46px;--awb-line-height:55px;--awb-text-color:#ffffff;--awb-text-font-family:&quot;Oswald&quot;;\"><p>Dai giovani<br \/>\nverso il futuro<\/p>\n<\/div><div class=\"fusion-text fusion-text-3 fusion-text-no-margin\" style=\"--awb-font-size:21px;--awb-line-height:36px;--awb-text-transform:var(--awb-typography4-text-transform);--awb-text-color:var(--awb-color1);--awb-margin-right:15%;--awb-margin-bottom:40px;--awb-text-font-family:&quot;Titillium Web&quot;;--awb-text-font-style:normal;--awb-text-font-weight:400;\"><p>Nel maggio 2019, i club calcistici di Appiano hanno deciso di collaborare nel settore giovanile e hanno fondato l\u2019Associazione calcistica) del Fu\u00dfball \u00dcberetsch. Dopo quattro anni di collaborazione di successo, i due storici club dl paese AFC Appiano ed AFC Frangarto hanno deciso di ampliare la loro collaborazione e di schierare una prima squadra comune a partire dalla stagione 2023\/24. Il segnale di partenza per il calcio \u00dcberetsch ASV!<\/p>\n<p><strong>Il comitato del F\u00dc<\/strong><\/p>\n<p>Sette rappresentanti di ciascuno dei club AFC Appiano ed AFC Frangarto formano insieme il consiglio della neonata societ\u00e0 di calcio Fu\u00dfball \u00dcberetsch ASV, che offre una casa calcistica a oltre 250 soci attivi.<\/p>\n<\/div><div class=\"fusion-builder-row fusion-builder-row-inner fusion-row fusion-flex-align-items-flex-start\" style=\"width:104% !important;max-width:104% !important;margin-left: calc(-4% \/ 2 );margin-right: calc(-4% \/ 2 );\"><div class=\"fusion-layout-column fusion_builder_column_inner fusion-builder-nested-column-0 fusion_builder_column_inner_1_2 1_2 fusion-flex-column fusion-column-inner-bg-wrapper\" style=\"--awb-inner-bg-size:cover;--awb-transform:translateY(0px);--awb-transform-hover:translateY(-10px);--awb-width-large:50%;--awb-margin-top-large:0px;--awb-spacing-right-large:3.84%;--awb-margin-bottom-large:0px;--awb-spacing-left-large:3.84%;--awb-width-medium:50%;--awb-order-medium:0;--awb-spacing-right-medium:3.84%;--awb-spacing-left-medium:3.84%;--awb-width-small:100%;--awb-order-small:0;--awb-spacing-right-small:1.92%;--awb-spacing-left-small:1.92%;\" data-motion-effects=\"[{&quot;type&quot;:&quot;&quot;,&quot;scroll_type&quot;:&quot;transition&quot;,&quot;scroll_direction&quot;:&quot;up&quot;,&quot;transition_speed&quot;:&quot;1&quot;,&quot;fade_type&quot;:&quot;in&quot;,&quot;scale_type&quot;:&quot;up&quot;,&quot;initial_scale&quot;:&quot;1&quot;,&quot;max_scale&quot;:&quot;1.5&quot;,&quot;min_scale&quot;:&quot;0.5&quot;,&quot;initial_rotate&quot;:&quot;0&quot;,&quot;end_rotate&quot;:&quot;30&quot;,&quot;initial_blur&quot;:&quot;0&quot;,&quot;end_blur&quot;:&quot;3&quot;,&quot;start_element&quot;:&quot;top&quot;,&quot;start_viewport&quot;:&quot;bottom&quot;,&quot;end_element&quot;:&quot;bottom&quot;,&quot;end_viewport&quot;:&quot;top&quot;,&quot;mouse_effect&quot;:&quot;track&quot;,&quot;mouse_effect_direction&quot;:&quot;opposite&quot;,&quot;mouse_effect_speed&quot;:&quot;2&quot;,&quot;infinite_animation&quot;:&quot;float&quot;,&quot;infinite_animation_speed&quot;:&quot;2&quot;}]\" data-scroll-devices=\"small-visibility,medium-visibility,large-visibility\"><span class=\"fusion-column-inner-bg hover-type-none\"><a class=\"fusion-column-anchor\" href=\"https:\/\/fussball-ueberetsch.com\/it\/squadre\/\"><span class=\"fusion-column-inner-bg-image\"><\/span><\/a><\/span><div class=\"fusion-column-wrapper fusion-column-has-shadow fusion-flex-justify-content-flex-start fusion-content-layout-row\"><div class=\"fusion-title title fusion-title-1 fusion-sep-none fusion-title-highlight fusion-loop-off fusion-highlight-double_underline fusion-title-size-div\" style=\"--awb-text-color:var(--awb-color1);--awb-highlight-color:var(--awb-color5);--awb-highlight-top-margin:3px;--awb-highlight-width:10;--awb-font-size:31px;\" data-highlight=\"double_underline\"><div class=\"title-heading-left title-heading-tag fusion-responsive-typography-calculated\" style=\"font-family:&quot;Oswald&quot;;font-style:normal;font-weight:400;margin:0;font-size:1em;letter-spacing:var(--awb-typography3-letter-spacing);text-transform:var(--awb-typography3-text-transform);--fontSize:31;--minFontSize:31;line-height:var(--awb-typography3-line-height);\"><span class=\"fusion-highlighted-text-prefix\"><\/span> <span class=\"fusion-highlighted-text-wrapper\"><span class=\"fusion-highlighted-text\" style=\"color:var(--awb-color1);\">Le nostre squadre<\/span><\/span> <span class=\"fusion-highlighted-text-postfix\"><\/span><\/div><\/div><\/div><\/div><\/div><\/div><\/div><\/div><\/div><div class=\"fusion-fullwidth fullwidth-box fusion-builder-row-2 fusion-flex-container has-pattern-background has-mask-background nonhundred-percent-fullwidth non-hundred-percent-height-scrolling\" style=\"--awb-border-radius-top-left:0px;--awb-border-radius-top-right:0px;--awb-border-radius-bottom-right:0px;--awb-border-radius-bottom-left:0px;--awb-margin-top:60px;\" ><div class=\"fusion-builder-row fusion-row fusion-flex-align-items-center fusion-flex-justify-content-center\" style=\"max-width:1976px;margin-left: calc(-4% \/ 2 );margin-right: calc(-4% \/ 2 );\"><div class=\"fusion-layout-column fusion_builder_column fusion-builder-column-1 fusion_builder_column_1_1 1_1 fusion-flex-column fusion-flex-align-self-center\" style=\"--awb-bg-size:cover;--awb-width-large:100%;--awb-margin-top-large:0px;--awb-spacing-right-large:1.92%;--awb-margin-bottom-large:20px;--awb-spacing-left-large:1.92%;--awb-width-medium:100%;--awb-order-medium:0;--awb-spacing-right-medium:1.92%;--awb-spacing-left-medium:1.92%;--awb-width-small:100%;--awb-order-small:0;--awb-spacing-right-small:1.92%;--awb-spacing-left-small:1.92%;\" data-motion-effects=\"[{&quot;type&quot;:&quot;&quot;,&quot;scroll_type&quot;:&quot;transition&quot;,&quot;scroll_direction&quot;:&quot;up&quot;,&quot;transition_speed&quot;:&quot;1&quot;,&quot;fade_type&quot;:&quot;in&quot;,&quot;scale_type&quot;:&quot;up&quot;,&quot;initial_scale&quot;:&quot;1&quot;,&quot;max_scale&quot;:&quot;1.5&quot;,&quot;min_scale&quot;:&quot;0.5&quot;,&quot;initial_rotate&quot;:&quot;0&quot;,&quot;end_rotate&quot;:&quot;30&quot;,&quot;initial_blur&quot;:&quot;0&quot;,&quot;end_blur&quot;:&quot;3&quot;,&quot;start_element&quot;:&quot;top&quot;,&quot;start_viewport&quot;:&quot;bottom&quot;,&quot;end_element&quot;:&quot;bottom&quot;,&quot;end_viewport&quot;:&quot;top&quot;,&quot;mouse_effect&quot;:&quot;track&quot;,&quot;mouse_effect_direction&quot;:&quot;opposite&quot;,&quot;mouse_effect_speed&quot;:&quot;2&quot;,&quot;infinite_animation&quot;:&quot;float&quot;,&quot;infinite_animation_speed&quot;:&quot;2&quot;}]\" data-scroll-devices=\"small-visibility,medium-visibility,large-visibility\"><div class=\"fusion-column-wrapper fusion-column-has-shadow fusion-flex-justify-content-flex-start fusion-content-layout-column\"><div class=\"fusion-image-element \" style=\"text-align:center;--awb-caption-title-font-family:var(--h2_typography-font-family);--awb-caption-title-font-weight:var(--h2_typography-font-weight);--awb-caption-title-font-style:var(--h2_typography-font-style);--awb-caption-title-size:var(--h2_typography-font-size);--awb-caption-title-transform:var(--h2_typography-text-transform);--awb-caption-title-line-height:var(--h2_typography-line-height);--awb-caption-title-letter-spacing:var(--h2_typography-letter-spacing);\"><span class=\" fusion-imageframe imageframe-none imageframe-1 hover-type-none\" class=\"image-magnify\" class=\"image-scroll\"><img decoding=\"async\" width=\"1600\" height=\"1156\" title=\"vorstand_25-26\" src=\"https:\/\/fussball-ueberetsch.com\/wp-content\/uploads\/2026\/01\/vorstand_25-26.jpg\" alt class=\"img-responsive wp-image-1938\" srcset=\"https:\/\/fussball-ueberetsch.com\/wp-content\/uploads\/2026\/01\/vorstand_25-26-200x145.jpg 200w, https:\/\/fussball-ueberetsch.com\/wp-content\/uploads\/2026\/01\/vorstand_25-26-400x289.jpg 400w, https:\/\/fussball-ueberetsch.com\/wp-content\/uploads\/2026\/01\/vorstand_25-26-600x434.jpg 600w, https:\/\/fussball-ueberetsch.com\/wp-content\/uploads\/2026\/01\/vorstand_25-26-800x578.jpg 800w, https:\/\/fussball-ueberetsch.com\/wp-content\/uploads\/2026\/01\/vorstand_25-26-1200x867.jpg 1200w, https:\/\/fussball-ueberetsch.com\/wp-content\/uploads\/2026\/01\/vorstand_25-26.jpg 1600w\" sizes=\"(max-width: 640px) 100vw, 1600px\" \/><\/span><\/div><\/div><\/div><div class=\"fusion-layout-column fusion_builder_column fusion-builder-column-2 fusion_builder_column_1_4 1_4 fusion-flex-column\" style=\"--awb-bg-size:cover;--awb-width-large:25%;--awb-margin-top-large:0px;--awb-spacing-right-large:7.68%;--awb-margin-bottom-large:20px;--awb-spacing-left-large:7.68%;--awb-width-medium:25%;--awb-order-medium:0;--awb-spacing-right-medium:7.68%;--awb-spacing-left-medium:7.68%;--awb-width-small:100%;--awb-order-small:0;--awb-spacing-right-small:1.92%;--awb-spacing-left-small:1.92%;\"><div class=\"fusion-column-wrapper fusion-column-has-shadow fusion-flex-justify-content-flex-start fusion-content-layout-column\"><div class=\"fusion-text fusion-text-4\" style=\"--awb-font-size:35px;--awb-line-height:0.9;--awb-text-transform:uppercase;--awb-margin-top:20px;--awb-text-font-family:&quot;Oswald&quot;;--awb-text-font-style:normal;--awb-text-font-weight:400;\"><p style=\"text-align: center;\"><strong>Markus Tartarotti<\/strong><\/p>\n<\/div><div class=\"fusion-text fusion-text-5\" style=\"--awb-margin-top:-25px;\"><h3 style=\"text-align: center;\">Presidente<\/h3>\n<\/div><\/div><\/div><div class=\"fusion-layout-column fusion_builder_column fusion-builder-column-3 fusion_builder_column_1_4 1_4 fusion-flex-column\" style=\"--awb-bg-size:cover;--awb-width-large:25%;--awb-margin-top-large:0px;--awb-spacing-right-large:7.68%;--awb-margin-bottom-large:20px;--awb-spacing-left-large:7.68%;--awb-width-medium:25%;--awb-order-medium:0;--awb-spacing-right-medium:7.68%;--awb-spacing-left-medium:7.68%;--awb-width-small:100%;--awb-order-small:0;--awb-spacing-right-small:1.92%;--awb-spacing-left-small:1.92%;\"><div class=\"fusion-column-wrapper fusion-column-has-shadow fusion-flex-justify-content-flex-start fusion-content-layout-column\"><div class=\"fusion-text fusion-text-6\" style=\"--awb-font-size:35px;--awb-line-height:0.9;--awb-text-transform:uppercase;--awb-margin-top:20px;--awb-text-font-family:&quot;Oswald&quot;;--awb-text-font-style:normal;--awb-text-font-weight:400;\"><p style=\"text-align: center;\"><strong>Manfred Ebner<\/strong><\/p>\n<\/div><div class=\"fusion-text fusion-text-7\" style=\"--awb-margin-top:-25px;\"><h3 style=\"text-align: center;\">Vice-presidente<\/h3>\n<\/div><\/div><\/div><div class=\"fusion-layout-column fusion_builder_column fusion-builder-column-4 fusion_builder_column_1_4 1_4 fusion-flex-column\" style=\"--awb-bg-size:cover;--awb-width-large:25%;--awb-margin-top-large:0px;--awb-spacing-right-large:7.68%;--awb-margin-bottom-large:20px;--awb-spacing-left-large:7.68%;--awb-width-medium:25%;--awb-order-medium:0;--awb-spacing-right-medium:7.68%;--awb-spacing-left-medium:7.68%;--awb-width-small:100%;--awb-order-small:0;--awb-spacing-right-small:1.92%;--awb-spacing-left-small:1.92%;\"><div class=\"fusion-column-wrapper fusion-column-has-shadow fusion-flex-justify-content-flex-start fusion-content-layout-column\"><div class=\"fusion-text fusion-text-8\" style=\"--awb-font-size:35px;--awb-line-height:0.9;--awb-text-transform:uppercase;--awb-margin-top:20px;--awb-text-font-family:&quot;Oswald&quot;;--awb-text-font-style:normal;--awb-text-font-weight:400;\"><p style=\"text-align: center;\"><strong>Christoph Trettl<\/strong><\/p>\n<\/div><div class=\"fusion-text fusion-text-9\" style=\"--awb-margin-top:-25px;\"><h3 style=\"text-align: center;\">Cassiere<\/h3>\n<\/div><\/div><\/div><div class=\"fusion-layout-column fusion_builder_column fusion-builder-column-5 fusion_builder_column_1_4 1_4 fusion-flex-column\" style=\"--awb-bg-size:cover;--awb-width-large:25%;--awb-margin-top-large:0px;--awb-spacing-right-large:7.68%;--awb-margin-bottom-large:20px;--awb-spacing-left-large:7.68%;--awb-width-medium:25%;--awb-order-medium:0;--awb-spacing-right-medium:7.68%;--awb-spacing-left-medium:7.68%;--awb-width-small:100%;--awb-order-small:0;--awb-spacing-right-small:1.92%;--awb-spacing-left-small:1.92%;\"><div class=\"fusion-column-wrapper fusion-column-has-shadow fusion-flex-justify-content-flex-start fusion-content-layout-column\"><div class=\"fusion-text fusion-text-10\" style=\"--awb-font-size:35px;--awb-line-height:0.9;--awb-text-transform:uppercase;--awb-margin-top:20px;--awb-text-font-family:&quot;Oswald&quot;;--awb-text-font-style:normal;--awb-text-font-weight:400;\"><p style=\"text-align: center;\"><strong>Julian Telfner<\/strong><\/p>\n<\/div><div class=\"fusion-text fusion-text-11\" style=\"--awb-margin-top:-25px;\"><h3 style=\"text-align: center;\">Segretario<\/h3>\n<\/div><\/div><\/div><div class=\"fusion-layout-column fusion_builder_column fusion-builder-column-6 fusion_builder_column_1_1 1_1 fusion-flex-column fusion-no-small-visibility\" style=\"--awb-bg-size:cover;--awb-width-large:100%;--awb-margin-top-large:0px;--awb-spacing-right-large:1.92%;--awb-margin-bottom-large:20px;--awb-spacing-left-large:1.92%;--awb-width-medium:100%;--awb-order-medium:0;--awb-spacing-right-medium:1.92%;--awb-spacing-left-medium:1.92%;--awb-width-small:100%;--awb-order-small:0;--awb-spacing-right-small:1.92%;--awb-spacing-left-small:1.92%;\" data-motion-effects=\"[{&quot;type&quot;:&quot;&quot;,&quot;scroll_type&quot;:&quot;transition&quot;,&quot;scroll_direction&quot;:&quot;up&quot;,&quot;transition_speed&quot;:&quot;1&quot;,&quot;fade_type&quot;:&quot;in&quot;,&quot;scale_type&quot;:&quot;up&quot;,&quot;initial_scale&quot;:&quot;1&quot;,&quot;max_scale&quot;:&quot;1.5&quot;,&quot;min_scale&quot;:&quot;0.5&quot;,&quot;initial_rotate&quot;:&quot;0&quot;,&quot;end_rotate&quot;:&quot;30&quot;,&quot;initial_blur&quot;:&quot;0&quot;,&quot;end_blur&quot;:&quot;3&quot;,&quot;start_element&quot;:&quot;top&quot;,&quot;start_viewport&quot;:&quot;bottom&quot;,&quot;end_element&quot;:&quot;bottom&quot;,&quot;end_viewport&quot;:&quot;top&quot;,&quot;mouse_effect&quot;:&quot;track&quot;,&quot;mouse_effect_direction&quot;:&quot;opposite&quot;,&quot;mouse_effect_speed&quot;:&quot;2&quot;,&quot;infinite_animation&quot;:&quot;float&quot;,&quot;infinite_animation_speed&quot;:&quot;2&quot;}]\" data-scroll-devices=\"small-visibility,medium-visibility,large-visibility\"><div class=\"fusion-column-wrapper fusion-column-has-shadow fusion-flex-justify-content-flex-start fusion-content-layout-column\"><div class=\"fusion-separator fusion-full-width-sep\" style=\"align-self: center;margin-left: auto;margin-right: auto;margin-top:40px;width:100%;\"><\/div><\/div><\/div><div class=\"fusion-layout-column fusion_builder_column fusion-builder-column-7 fusion_builder_column_1_4 1_4 fusion-flex-column\" style=\"--awb-bg-size:cover;--awb-width-large:25%;--awb-margin-top-large:0px;--awb-spacing-right-large:7.68%;--awb-margin-bottom-large:20px;--awb-spacing-left-large:7.68%;--awb-width-medium:25%;--awb-order-medium:0;--awb-spacing-right-medium:7.68%;--awb-spacing-left-medium:7.68%;--awb-width-small:100%;--awb-order-small:0;--awb-spacing-right-small:1.92%;--awb-spacing-left-small:1.92%;\"><div class=\"fusion-column-wrapper fusion-column-has-shadow fusion-flex-justify-content-flex-start fusion-content-layout-column\"><div class=\"fusion-text fusion-text-12\" style=\"--awb-font-size:35px;--awb-line-height:0.9;--awb-text-transform:uppercase;--awb-margin-top:20px;--awb-text-font-family:&quot;Oswald&quot;;--awb-text-font-style:normal;--awb-text-font-weight:400;\"><p style=\"text-align: center;\"><strong>Niko Bagnara<\/strong><\/p>\n<\/div><div class=\"fusion-text fusion-text-13\" style=\"--awb-margin-top:-25px;\"><h3 style=\"text-align: center;\">Sponsoring<\/h3>\n<\/div><\/div><\/div><div class=\"fusion-layout-column fusion_builder_column fusion-builder-column-8 fusion_builder_column_1_4 1_4 fusion-flex-column\" style=\"--awb-bg-size:cover;--awb-width-large:25%;--awb-margin-top-large:0px;--awb-spacing-right-large:7.68%;--awb-margin-bottom-large:20px;--awb-spacing-left-large:7.68%;--awb-width-medium:25%;--awb-order-medium:0;--awb-spacing-right-medium:7.68%;--awb-spacing-left-medium:7.68%;--awb-width-small:100%;--awb-order-small:0;--awb-spacing-right-small:1.92%;--awb-spacing-left-small:1.92%;\"><div class=\"fusion-column-wrapper fusion-column-has-shadow fusion-flex-justify-content-flex-start fusion-content-layout-column\"><div class=\"fusion-text fusion-text-14\" style=\"--awb-font-size:35px;--awb-line-height:0.9;--awb-text-transform:uppercase;--awb-margin-top:20px;--awb-text-font-family:&quot;Oswald&quot;;--awb-text-font-style:normal;--awb-text-font-weight:400;\"><p style=\"text-align: center;\"><strong>Max Trettl<\/strong><\/p>\n<\/div><div class=\"fusion-text fusion-text-15\" style=\"--awb-margin-top:-25px;\"><h3 style=\"text-align: center;\">Responsabili dei giovani<\/h3>\n<\/div><\/div><\/div><div class=\"fusion-layout-column fusion_builder_column fusion-builder-column-9 fusion_builder_column_1_4 1_4 fusion-flex-column\" style=\"--awb-bg-size:cover;--awb-width-large:25%;--awb-margin-top-large:0px;--awb-spacing-right-large:7.68%;--awb-margin-bottom-large:20px;--awb-spacing-left-large:7.68%;--awb-width-medium:25%;--awb-order-medium:0;--awb-spacing-right-medium:7.68%;--awb-spacing-left-medium:7.68%;--awb-width-small:100%;--awb-order-small:0;--awb-spacing-right-small:1.92%;--awb-spacing-left-small:1.92%;\"><div class=\"fusion-column-wrapper fusion-column-has-shadow fusion-flex-justify-content-flex-start fusion-content-layout-column\"><div class=\"fusion-text fusion-text-16\" style=\"--awb-font-size:35px;--awb-line-height:0.9;--awb-text-transform:uppercase;--awb-margin-top:20px;--awb-text-font-family:&quot;Oswald&quot;;--awb-text-font-style:normal;--awb-text-font-weight:400;\"><p style=\"text-align: center;\"><strong>Jakob Trafojer<\/strong><\/p>\n<\/div><div class=\"fusion-text fusion-text-17\" style=\"--awb-margin-top:-25px;\"><h3 style=\"text-align: center;\">Responsabili dei giovani<\/h3>\n<\/div><\/div><\/div><div class=\"fusion-layout-column fusion_builder_column fusion-builder-column-10 fusion_builder_column_1_4 1_4 fusion-flex-column\" style=\"--awb-bg-size:cover;--awb-width-large:25%;--awb-margin-top-large:0px;--awb-spacing-right-large:7.68%;--awb-margin-bottom-large:20px;--awb-spacing-left-large:7.68%;--awb-width-medium:25%;--awb-order-medium:0;--awb-spacing-right-medium:7.68%;--awb-spacing-left-medium:7.68%;--awb-width-small:100%;--awb-order-small:0;--awb-spacing-right-small:1.92%;--awb-spacing-left-small:1.92%;\"><div class=\"fusion-column-wrapper fusion-column-has-shadow fusion-flex-justify-content-flex-start fusion-content-layout-column\"><div class=\"fusion-text fusion-text-18\" style=\"--awb-font-size:35px;--awb-line-height:0.9;--awb-text-transform:uppercase;--awb-margin-top:20px;--awb-text-font-family:&quot;Oswald&quot;;--awb-text-font-style:normal;--awb-text-font-weight:400;\"><p style=\"text-align: center;\"><strong>Peter Unterhofer<\/strong><\/p>\n<\/div><div class=\"fusion-text fusion-text-19\" style=\"--awb-margin-top:-25px;\"><h3 style=\"text-align: center;\">Responsabili dei giovani<\/h3>\n<\/div><\/div><\/div><div class=\"fusion-layout-column fusion_builder_column fusion-builder-column-11 fusion_builder_column_1_1 1_1 fusion-flex-column fusion-no-small-visibility\" style=\"--awb-bg-size:cover;--awb-width-large:100%;--awb-margin-top-large:0px;--awb-spacing-right-large:1.92%;--awb-margin-bottom-large:20px;--awb-spacing-left-large:1.92%;--awb-width-medium:100%;--awb-order-medium:0;--awb-spacing-right-medium:1.92%;--awb-spacing-left-medium:1.92%;--awb-width-small:100%;--awb-order-small:0;--awb-spacing-right-small:1.92%;--awb-spacing-left-small:1.92%;\" data-motion-effects=\"[{&quot;type&quot;:&quot;&quot;,&quot;scroll_type&quot;:&quot;transition&quot;,&quot;scroll_direction&quot;:&quot;up&quot;,&quot;transition_speed&quot;:&quot;1&quot;,&quot;fade_type&quot;:&quot;in&quot;,&quot;scale_type&quot;:&quot;up&quot;,&quot;initial_scale&quot;:&quot;1&quot;,&quot;max_scale&quot;:&quot;1.5&quot;,&quot;min_scale&quot;:&quot;0.5&quot;,&quot;initial_rotate&quot;:&quot;0&quot;,&quot;end_rotate&quot;:&quot;30&quot;,&quot;initial_blur&quot;:&quot;0&quot;,&quot;end_blur&quot;:&quot;3&quot;,&quot;start_element&quot;:&quot;top&quot;,&quot;start_viewport&quot;:&quot;bottom&quot;,&quot;end_element&quot;:&quot;bottom&quot;,&quot;end_viewport&quot;:&quot;top&quot;,&quot;mouse_effect&quot;:&quot;track&quot;,&quot;mouse_effect_direction&quot;:&quot;opposite&quot;,&quot;mouse_effect_speed&quot;:&quot;2&quot;,&quot;infinite_animation&quot;:&quot;float&quot;,&quot;infinite_animation_speed&quot;:&quot;2&quot;}]\" data-scroll-devices=\"small-visibility,medium-visibility,large-visibility\"><div class=\"fusion-column-wrapper fusion-column-has-shadow fusion-flex-justify-content-flex-start fusion-content-layout-column\"><div class=\"fusion-separator fusion-full-width-sep\" style=\"align-self: center;margin-left: auto;margin-right: auto;margin-top:40px;width:100%;\"><\/div><\/div><\/div><div class=\"fusion-layout-column fusion_builder_column fusion-builder-column-12 fusion_builder_column_1_4 1_4 fusion-flex-column\" style=\"--awb-bg-size:cover;--awb-width-large:25%;--awb-margin-top-large:0px;--awb-spacing-right-large:7.68%;--awb-margin-bottom-large:20px;--awb-spacing-left-large:7.68%;--awb-width-medium:25%;--awb-order-medium:0;--awb-spacing-right-medium:7.68%;--awb-spacing-left-medium:7.68%;--awb-width-small:100%;--awb-order-small:0;--awb-spacing-right-small:1.92%;--awb-spacing-left-small:1.92%;\"><div class=\"fusion-column-wrapper fusion-column-has-shadow fusion-flex-justify-content-flex-start fusion-content-layout-column\"><div class=\"fusion-text fusion-text-20\" style=\"--awb-font-size:35px;--awb-line-height:0.9;--awb-text-transform:uppercase;--awb-margin-top:20px;--awb-text-font-family:&quot;Oswald&quot;;--awb-text-font-style:normal;--awb-text-font-weight:400;\"><p style=\"text-align: center;\"><strong>Stephan Oberrauch<\/strong><\/p>\n<\/div><div class=\"fusion-text fusion-text-21\" style=\"--awb-margin-top:-25px;\"><h3 style=\"text-align: center;\">Responsabili dei giovani<\/h3>\n<\/div><\/div><\/div><div class=\"fusion-layout-column fusion_builder_column fusion-builder-column-13 fusion_builder_column_1_4 1_4 fusion-flex-column\" style=\"--awb-bg-size:cover;--awb-width-large:25%;--awb-margin-top-large:0px;--awb-spacing-right-large:7.68%;--awb-margin-bottom-large:20px;--awb-spacing-left-large:7.68%;--awb-width-medium:25%;--awb-order-medium:0;--awb-spacing-right-medium:7.68%;--awb-spacing-left-medium:7.68%;--awb-width-small:100%;--awb-order-small:0;--awb-spacing-right-small:1.92%;--awb-spacing-left-small:1.92%;\"><div class=\"fusion-column-wrapper fusion-column-has-shadow fusion-flex-justify-content-flex-start fusion-content-layout-column\"><div class=\"fusion-text fusion-text-22\" style=\"--awb-font-size:35px;--awb-line-height:0.9;--awb-text-transform:uppercase;--awb-margin-top:20px;--awb-text-font-family:&quot;Oswald&quot;;--awb-text-font-style:normal;--awb-text-font-weight:400;\"><p style=\"text-align: center;\"><strong>Christian Vitroler<\/strong><\/p>\n<\/div><div class=\"fusion-text fusion-text-23\" style=\"--awb-margin-top:-25px;\"><h3 style=\"text-align: center;\">2. Squadra<\/h3>\n<\/div><\/div><\/div><div class=\"fusion-layout-column fusion_builder_column fusion-builder-column-14 fusion_builder_column_1_4 1_4 fusion-flex-column\" style=\"--awb-bg-size:cover;--awb-width-large:25%;--awb-margin-top-large:0px;--awb-spacing-right-large:7.68%;--awb-margin-bottom-large:20px;--awb-spacing-left-large:7.68%;--awb-width-medium:25%;--awb-order-medium:0;--awb-spacing-right-medium:7.68%;--awb-spacing-left-medium:7.68%;--awb-width-small:100%;--awb-order-small:0;--awb-spacing-right-small:1.92%;--awb-spacing-left-small:1.92%;\"><div class=\"fusion-column-wrapper fusion-column-has-shadow fusion-flex-justify-content-flex-start fusion-content-layout-column\"><div class=\"fusion-text fusion-text-24\" style=\"--awb-font-size:35px;--awb-line-height:0.9;--awb-text-transform:uppercase;--awb-margin-top:20px;--awb-text-font-family:&quot;Oswald&quot;;--awb-text-font-style:normal;--awb-text-font-weight:400;\"><p style=\"text-align: center;\"><strong>Stefan Bernard<\/strong><\/p>\n<\/div><div class=\"fusion-text fusion-text-25\" style=\"--awb-margin-top:-25px;\"><h3 style=\"text-align: center;\">Responsabile della prima squadra<\/h3>\n<\/div><\/div><\/div><div class=\"fusion-layout-column fusion_builder_column fusion-builder-column-15 fusion_builder_column_1_4 1_4 fusion-flex-column\" style=\"--awb-bg-size:cover;--awb-width-large:25%;--awb-margin-top-large:0px;--awb-spacing-right-large:7.68%;--awb-margin-bottom-large:20px;--awb-spacing-left-large:7.68%;--awb-width-medium:25%;--awb-order-medium:0;--awb-spacing-right-medium:7.68%;--awb-spacing-left-medium:7.68%;--awb-width-small:100%;--awb-order-small:0;--awb-spacing-right-small:1.92%;--awb-spacing-left-small:1.92%;\"><div class=\"fusion-column-wrapper fusion-column-has-shadow fusion-flex-justify-content-flex-start fusion-content-layout-column\"><div class=\"fusion-text fusion-text-26\" style=\"--awb-font-size:35px;--awb-line-height:0.9;--awb-text-transform:uppercase;--awb-margin-top:20px;--awb-text-font-family:&quot;Oswald&quot;;--awb-text-font-style:normal;--awb-text-font-weight:400;\"><p style=\"text-align: center;\"><strong>Julian Telfner<\/strong><\/p>\n<\/div><div class=\"fusion-text fusion-text-27\" style=\"--awb-margin-top:-25px;\"><h3 style=\"text-align: center;\">Segretario<\/h3>\n<\/div><\/div><\/div><div class=\"fusion-layout-column fusion_builder_column fusion-builder-column-16 fusion_builder_column_1_1 1_1 fusion-flex-column fusion-no-small-visibility\" style=\"--awb-bg-size:cover;--awb-width-large:100%;--awb-margin-top-large:0px;--awb-spacing-right-large:1.92%;--awb-margin-bottom-large:20px;--awb-spacing-left-large:1.92%;--awb-width-medium:100%;--awb-order-medium:0;--awb-spacing-right-medium:1.92%;--awb-spacing-left-medium:1.92%;--awb-width-small:100%;--awb-order-small:0;--awb-spacing-right-small:1.92%;--awb-spacing-left-small:1.92%;\" data-motion-effects=\"[{&quot;type&quot;:&quot;&quot;,&quot;scroll_type&quot;:&quot;transition&quot;,&quot;scroll_direction&quot;:&quot;up&quot;,&quot;transition_speed&quot;:&quot;1&quot;,&quot;fade_type&quot;:&quot;in&quot;,&quot;scale_type&quot;:&quot;up&quot;,&quot;initial_scale&quot;:&quot;1&quot;,&quot;max_scale&quot;:&quot;1.5&quot;,&quot;min_scale&quot;:&quot;0.5&quot;,&quot;initial_rotate&quot;:&quot;0&quot;,&quot;end_rotate&quot;:&quot;30&quot;,&quot;initial_blur&quot;:&quot;0&quot;,&quot;end_blur&quot;:&quot;3&quot;,&quot;start_element&quot;:&quot;top&quot;,&quot;start_viewport&quot;:&quot;bottom&quot;,&quot;end_element&quot;:&quot;bottom&quot;,&quot;end_viewport&quot;:&quot;top&quot;,&quot;mouse_effect&quot;:&quot;track&quot;,&quot;mouse_effect_direction&quot;:&quot;opposite&quot;,&quot;mouse_effect_speed&quot;:&quot;2&quot;,&quot;infinite_animation&quot;:&quot;float&quot;,&quot;infinite_animation_speed&quot;:&quot;2&quot;}]\" data-scroll-devices=\"small-visibility,medium-visibility,large-visibility\"><div class=\"fusion-column-wrapper fusion-column-has-shadow fusion-flex-justify-content-flex-start fusion-content-layout-column\"><div class=\"fusion-separator fusion-full-width-sep\" style=\"align-self: center;margin-left: auto;margin-right: auto;margin-top:40px;width:100%;\"><\/div><\/div><\/div><div class=\"fusion-layout-column fusion_builder_column fusion-builder-column-17 fusion_builder_column_1_4 1_4 fusion-flex-column\" style=\"--awb-bg-size:cover;--awb-width-large:25%;--awb-margin-top-large:0px;--awb-spacing-right-large:7.68%;--awb-margin-bottom-large:20px;--awb-spacing-left-large:7.68%;--awb-width-medium:25%;--awb-order-medium:0;--awb-spacing-right-medium:7.68%;--awb-spacing-left-medium:7.68%;--awb-width-small:100%;--awb-order-small:0;--awb-spacing-right-small:1.92%;--awb-spacing-left-small:1.92%;\"><div class=\"fusion-column-wrapper fusion-column-has-shadow fusion-flex-justify-content-flex-start fusion-content-layout-column\"><div class=\"fusion-text fusion-text-28\" style=\"--awb-font-size:35px;--awb-line-height:0.9;--awb-text-transform:uppercase;--awb-margin-top:20px;--awb-text-font-family:&quot;Oswald&quot;;--awb-text-font-style:normal;--awb-text-font-weight:400;\"><p style=\"text-align: center;\"><strong>Arndt Folie<\/strong><\/p>\n<\/div><div class=\"fusion-text fusion-text-29\" style=\"--awb-margin-top:-25px;\"><h3 style=\"text-align: center;\">Responsabile della prima squadra<\/h3>\n<\/div><\/div><\/div><div class=\"fusion-layout-column fusion_builder_column fusion-builder-column-18 fusion_builder_column_1_4 1_4 fusion-flex-column\" style=\"--awb-bg-size:cover;--awb-width-large:25%;--awb-margin-top-large:0px;--awb-spacing-right-large:7.68%;--awb-margin-bottom-large:20px;--awb-spacing-left-large:7.68%;--awb-width-medium:25%;--awb-order-medium:0;--awb-spacing-right-medium:7.68%;--awb-spacing-left-medium:7.68%;--awb-width-small:100%;--awb-order-small:0;--awb-spacing-right-small:1.92%;--awb-spacing-left-small:1.92%;\"><div class=\"fusion-column-wrapper fusion-column-has-shadow fusion-flex-justify-content-flex-start fusion-content-layout-column\"><div class=\"fusion-text fusion-text-30\" style=\"--awb-font-size:35px;--awb-line-height:0.9;--awb-text-transform:uppercase;--awb-margin-top:20px;--awb-text-font-family:&quot;Oswald&quot;;--awb-text-font-style:normal;--awb-text-font-weight:400;\"><p style=\"text-align: center;\"><strong>Arnold Schmid <\/strong><\/p>\n<\/div><div class=\"fusion-text fusion-text-31\" style=\"--awb-margin-top:-25px;\"><h3 style=\"text-align: center;\">\u00d6ffentlichkeitsarbeit<\/h3>\n<\/div><\/div><\/div><div class=\"fusion-layout-column fusion_builder_column fusion-builder-column-19 fusion_builder_column_1_4 1_4 fusion-flex-column\" style=\"--awb-bg-size:cover;--awb-width-large:25%;--awb-margin-top-large:0px;--awb-spacing-right-large:7.68%;--awb-margin-bottom-large:20px;--awb-spacing-left-large:7.68%;--awb-width-medium:25%;--awb-order-medium:0;--awb-spacing-right-medium:7.68%;--awb-spacing-left-medium:7.68%;--awb-width-small:100%;--awb-order-small:0;--awb-spacing-right-small:1.92%;--awb-spacing-left-small:1.92%;\"><div class=\"fusion-column-wrapper fusion-column-has-shadow fusion-flex-justify-content-flex-start fusion-content-layout-column\"><div class=\"fusion-text fusion-text-32\" style=\"--awb-font-size:35px;--awb-line-height:0.9;--awb-text-transform:uppercase;--awb-margin-top:20px;--awb-text-font-family:&quot;Oswald&quot;;--awb-text-font-style:normal;--awb-text-font-weight:400;\"><p style=\"text-align: center;\"><strong>Ruth Roner<\/strong><\/p>\n<\/div><div class=\"fusion-text fusion-text-33\" style=\"--awb-margin-top:-25px;\"><h3 style=\"text-align: center;\">Squadra femminile<\/h3>\n<\/div><\/div><\/div><div class=\"fusion-layout-column fusion_builder_column fusion-builder-column-20 fusion_builder_column_1_4 1_4 fusion-flex-column\" style=\"--awb-bg-size:cover;--awb-width-large:25%;--awb-margin-top-large:0px;--awb-spacing-right-large:7.68%;--awb-margin-bottom-large:20px;--awb-spacing-left-large:7.68%;--awb-width-medium:25%;--awb-order-medium:0;--awb-spacing-right-medium:7.68%;--awb-spacing-left-medium:7.68%;--awb-width-small:100%;--awb-order-small:0;--awb-spacing-right-small:1.92%;--awb-spacing-left-small:1.92%;\"><div class=\"fusion-column-wrapper fusion-column-has-shadow fusion-flex-justify-content-flex-start fusion-content-layout-column\"><div class=\"fusion-text fusion-text-34\" style=\"--awb-font-size:35px;--awb-line-height:0.9;--awb-text-transform:uppercase;--awb-margin-top:20px;--awb-text-font-family:&quot;Oswald&quot;;--awb-text-font-style:normal;--awb-text-font-weight:400;\"><p style=\"text-align: center;\"><strong>Claudia Trettl<\/strong><\/p>\n<\/div><div class=\"fusion-text fusion-text-35\" style=\"--awb-margin-top:-25px;\"><h3 style=\"text-align: center;\">Segretaria e amministrazione<\/h3>\n<\/div><\/div><\/div><\/div><\/div><div class=\"fusion-fullwidth fullwidth-box fusion-builder-row-3 fusion-flex-container has-pattern-background has-mask-background nonhundred-percent-fullwidth non-hundred-percent-height-scrolling\" style=\"--awb-border-radius-top-left:0px;--awb-border-radius-top-right:0px;--awb-border-radius-bottom-right:0px;--awb-border-radius-bottom-left:0px;--awb-margin-top:30px;\" ><div class=\"fusion-builder-row fusion-row fusion-flex-align-items-center fusion-flex-justify-content-center\" style=\"max-width:1976px;margin-left: calc(-4% \/ 2 );margin-right: calc(-4% \/ 2 );\"><div class=\"fusion-layout-column fusion_builder_column fusion-builder-column-21 fusion_builder_column_4_5 4_5 fusion-flex-column fusion-flex-align-self-center fusion-animated\" style=\"--awb-bg-size:cover;--awb-width-large:80%;--awb-margin-top-large:0px;--awb-spacing-right-large:2.4%;--awb-margin-bottom-large:20px;--awb-spacing-left-large:2.4%;--awb-width-medium:80%;--awb-order-medium:0;--awb-spacing-right-medium:2.4%;--awb-spacing-left-medium:2.4%;--awb-width-small:100%;--awb-order-small:0;--awb-spacing-right-small:1.92%;--awb-spacing-left-small:1.92%;\" data-animationType=\"fadeInLeft\" data-animationDuration=\"0.6\" data-animationOffset=\"top-into-view\"><div class=\"fusion-column-wrapper fusion-column-has-shadow fusion-flex-justify-content-center fusion-content-layout-column\"><div class=\"fusion-separator fusion-no-small-visibility fusion-no-medium-visibility fusion-full-width-sep\" style=\"align-self: center;margin-left: auto;margin-right: auto;margin-top:60px;width:100%;\"><\/div><div class=\"fusion-text fusion-text-36\" style=\"--awb-font-size:35px;--awb-line-height:0.9;--awb-text-transform:uppercase;--awb-margin-top:20px;--awb-text-font-family:&quot;Oswald&quot;;\"><p style=\"text-align: center;\">Giovani<\/p>\n<\/div><div class=\"fusion-text fusion-text-37\"><p style=\"text-align: center;\">Il settore giovanile \u00e8 il cuore del Fu\u00dfball \u00dcberetsch ed \u00e8 gestito in collaborazione con il club partner AFC Cornaiano.<\/p>\n<p style=\"text-align: center;\">Nelle scuole di calcio dei club AFC Appiano, AFC Cornaiano ed AFC Frangarto, ogni anno pi\u00f9 di 120 bambini appassionati di sport fino a 8 anni imparano a giocare a calcio con molto divertimento e gioia, per poi essere allenati insieme a partire dal livello U9 sotto Fu\u00dfball \u00dcberetsch.<\/p>\n<p style=\"text-align: center;\">L&#8217;obiettivo principale \u00e8 quello di ottenere un aumento costante degli standard e di consentire a tutti i giovani motivati e di talento della comunit\u00e0 di ricevere una buona istruzione.<\/p>\n<p style=\"text-align: center;\">Gli allenatori ed il personale di supporto delle squadre si impegnano a mettere in pratica la dichiarazione della missione elaborata dai dirigenti del club: oltre a divertirsi con il gioco e l\u2019attivit\u00e0 fisica, tutti i partecipanti devono essere educati a concetti quali la correttezza, la disciplina ed il rispetto nei confronti dei compagni, degli avversari e degli arbitri.<\/p>\n<\/div><div class=\"fusion-separator fusion-no-small-visibility fusion-no-medium-visibility fusion-full-width-sep\" style=\"align-self: center;margin-left: auto;margin-right: auto;margin-top:70px;width:100%;\"><\/div><div class=\"fusion-separator\" style=\"align-self: center;margin-left: auto;margin-right: auto;flex-grow:4;width:100%;max-width:600px;\"><div class=\"fusion-separator-border sep-single sep-dotted\" style=\"--awb-height:20px;--awb-amount:20px;--awb-sep-color:var(--awb-color4);border-color:var(--awb-color4);border-top-width:6px;\"><\/div><\/div><\/div><\/div><\/div><\/div><\/p>\n","protected":false},"excerpt":{"rendered":"","protected":false},"author":1,"featured_media":759,"parent":0,"menu_order":0,"comment_status":"closed","ping_status":"closed","template":"100-width.php","meta":{"footnotes":""},"class_list":["post-854","page","type-page","status-publish","has-post-thumbnail","hentry"],"yoast_head":"<!-- This site is optimized with the Yoast SEO plugin v26.1.1 - https:\/\/yoast.com\/wordpress\/plugins\/seo\/ -->\n<title>La nostra associazione - Fu\u00dfball \u00dcberetsch<\/title>\n<meta name=\"description\" content=\"La nostra associazione. Da maggio 2019 i tre club calcistici di Appiano, AFC Appiano, AFC Frangarto e AFC Cornaiano, hanno deciso di unire le loro strade.\" \/>\n<meta name=\"robots\" content=\"index, follow, max-snippet:-1, max-image-preview:large, max-video-preview:-1\" \/>\n<link rel=\"canonical\" href=\"https:\/\/fussball-ueberetsch.com\/it\/associazione\/\" \/>\n<meta property=\"og:locale\" content=\"it_IT\" \/>\n<meta property=\"og:type\" content=\"article\" \/>\n<meta property=\"og:title\" content=\"La nostra associazione - Fu\u00dfball \u00dcberetsch\" \/>\n<meta property=\"og:description\" content=\"La nostra associazione. Da maggio 2019 i tre club calcistici di Appiano, AFC Appiano, AFC Frangarto e AFC Cornaiano, hanno deciso di unire le loro strade.\" \/>\n<meta property=\"og:url\" content=\"https:\/\/fussball-ueberetsch.com\/it\/associazione\/\" \/>\n<meta property=\"og:site_name\" content=\"Fu\u00dfball \u00dcberetsch\" \/>\n<meta property=\"article:publisher\" content=\"https:\/\/www.facebook.com\/profile.php?id=100039883333394\" \/>\n<meta property=\"article:modified_time\" content=\"2026-01-21T10:55:26+00:00\" \/>\n<meta property=\"og:image\" content=\"https:\/\/fussball-ueberetsch.com\/wp-content\/uploads\/2023\/05\/FC-Ueberetsch.jpg\" \/>\n\t<meta property=\"og:image:width\" content=\"369\" \/>\n\t<meta property=\"og:image:height\" content=\"369\" \/>\n\t<meta property=\"og:image:type\" content=\"image\/jpeg\" \/>\n<meta name=\"twitter:card\" content=\"summary_large_image\" \/>\n<meta name=\"twitter:label1\" content=\"Tempo di lettura stimato\" \/>\n\t<meta name=\"twitter:data1\" content=\"31 minuti\" \/>\n<script type=\"application\/ld+json\" class=\"yoast-schema-graph\">{\"@context\":\"https:\/\/schema.org\",\"@graph\":[{\"@type\":\"WebPage\",\"@id\":\"https:\/\/fussball-ueberetsch.com\/it\/associazione\/\",\"url\":\"https:\/\/fussball-ueberetsch.com\/it\/associazione\/\",\"name\":\"La nostra associazione - Fu\u00dfball \u00dcberetsch\",\"isPartOf\":{\"@id\":\"https:\/\/fussball-ueberetsch.com\/#website\"},\"primaryImageOfPage\":{\"@id\":\"https:\/\/fussball-ueberetsch.com\/it\/associazione\/#primaryimage\"},\"image\":{\"@id\":\"https:\/\/fussball-ueberetsch.com\/it\/associazione\/#primaryimage\"},\"thumbnailUrl\":\"https:\/\/fussball-ueberetsch.com\/wp-content\/uploads\/2023\/05\/FC-Ueberetsch.jpg\",\"datePublished\":\"2023-04-19T15:25:39+00:00\",\"dateModified\":\"2026-01-21T10:55:26+00:00\",\"description\":\"La nostra associazione. Da maggio 2019 i tre club calcistici di Appiano, AFC Appiano, AFC Frangarto e AFC Cornaiano, hanno deciso di unire le loro strade.\",\"breadcrumb\":{\"@id\":\"https:\/\/fussball-ueberetsch.com\/it\/associazione\/#breadcrumb\"},\"inLanguage\":\"it-IT\",\"potentialAction\":[{\"@type\":\"ReadAction\",\"target\":[\"https:\/\/fussball-ueberetsch.com\/it\/associazione\/\"]}]},{\"@type\":\"ImageObject\",\"inLanguage\":\"it-IT\",\"@id\":\"https:\/\/fussball-ueberetsch.com\/it\/associazione\/#primaryimage\",\"url\":\"https:\/\/fussball-ueberetsch.com\/wp-content\/uploads\/2023\/05\/FC-Ueberetsch.jpg\",\"contentUrl\":\"https:\/\/fussball-ueberetsch.com\/wp-content\/uploads\/2023\/05\/FC-Ueberetsch.jpg\",\"width\":369,\"height\":369,\"caption\":\"Fu\u00dfball \u00dcberetsch\"},{\"@type\":\"BreadcrumbList\",\"@id\":\"https:\/\/fussball-ueberetsch.com\/it\/associazione\/#breadcrumb\",\"itemListElement\":[{\"@type\":\"ListItem\",\"position\":1,\"name\":\"Startseite\",\"item\":\"https:\/\/fussball-ueberetsch.com\/it\/home\/\"},{\"@type\":\"ListItem\",\"position\":2,\"name\":\"Associazione\"}]},{\"@type\":\"WebSite\",\"@id\":\"https:\/\/fussball-ueberetsch.com\/#website\",\"url\":\"https:\/\/fussball-ueberetsch.com\/\",\"name\":\"Fu\u00dfball \u00dcberetsch\",\"description\":\"\",\"publisher\":{\"@id\":\"https:\/\/fussball-ueberetsch.com\/#organization\"},\"potentialAction\":[{\"@type\":\"SearchAction\",\"target\":{\"@type\":\"EntryPoint\",\"urlTemplate\":\"https:\/\/fussball-ueberetsch.com\/?s={search_term_string}\"},\"query-input\":{\"@type\":\"PropertyValueSpecification\",\"valueRequired\":true,\"valueName\":\"search_term_string\"}}],\"inLanguage\":\"it-IT\"},{\"@type\":\"Organization\",\"@id\":\"https:\/\/fussball-ueberetsch.com\/#organization\",\"name\":\"Fu\u00dfball \u00dcberetsch\",\"url\":\"https:\/\/fussball-ueberetsch.com\/\",\"logo\":{\"@type\":\"ImageObject\",\"inLanguage\":\"it-IT\",\"@id\":\"https:\/\/fussball-ueberetsch.com\/#\/schema\/logo\/image\/\",\"url\":\"https:\/\/fussball-ueberetsch.com\/wp-content\/uploads\/2023\/05\/FC-Ueberetsch-LOGO_Mobile200px.png\",\"contentUrl\":\"https:\/\/fussball-ueberetsch.com\/wp-content\/uploads\/2023\/05\/FC-Ueberetsch-LOGO_Mobile200px.png\",\"width\":200,\"height\":200,\"caption\":\"Fu\u00dfball \u00dcberetsch\"},\"image\":{\"@id\":\"https:\/\/fussball-ueberetsch.com\/#\/schema\/logo\/image\/\"},\"sameAs\":[\"https:\/\/www.facebook.com\/profile.php?id=100039883333394\",\"https:\/\/www.instagram.com\/fussball.ueberetsch\/\"]}]}<\/script>\n<!-- \/ Yoast SEO plugin. -->","yoast_head_json":{"title":"La nostra associazione - Fu\u00dfball \u00dcberetsch","description":"La nostra associazione. Da maggio 2019 i tre club calcistici di Appiano, AFC Appiano, AFC Frangarto e AFC Cornaiano, hanno deciso di unire le loro strade.","robots":{"index":"index","follow":"follow","max-snippet":"max-snippet:-1","max-image-preview":"max-image-preview:large","max-video-preview":"max-video-preview:-1"},"canonical":"https:\/\/fussball-ueberetsch.com\/it\/associazione\/","og_locale":"it_IT","og_type":"article","og_title":"La nostra associazione - Fu\u00dfball \u00dcberetsch","og_description":"La nostra associazione. Da maggio 2019 i tre club calcistici di Appiano, AFC Appiano, AFC Frangarto e AFC Cornaiano, hanno deciso di unire le loro strade.","og_url":"https:\/\/fussball-ueberetsch.com\/it\/associazione\/","og_site_name":"Fu\u00dfball \u00dcberetsch","article_publisher":"https:\/\/www.facebook.com\/profile.php?id=100039883333394","article_modified_time":"2026-01-21T10:55:26+00:00","og_image":[{"width":369,"height":369,"url":"https:\/\/fussball-ueberetsch.com\/wp-content\/uploads\/2023\/05\/FC-Ueberetsch.jpg","type":"image\/jpeg"}],"twitter_card":"summary_large_image","twitter_misc":{"Tempo di lettura stimato":"31 minuti"},"schema":{"@context":"https:\/\/schema.org","@graph":[{"@type":"WebPage","@id":"https:\/\/fussball-ueberetsch.com\/it\/associazione\/","url":"https:\/\/fussball-ueberetsch.com\/it\/associazione\/","name":"La nostra associazione - Fu\u00dfball \u00dcberetsch","isPartOf":{"@id":"https:\/\/fussball-ueberetsch.com\/#website"},"primaryImageOfPage":{"@id":"https:\/\/fussball-ueberetsch.com\/it\/associazione\/#primaryimage"},"image":{"@id":"https:\/\/fussball-ueberetsch.com\/it\/associazione\/#primaryimage"},"thumbnailUrl":"https:\/\/fussball-ueberetsch.com\/wp-content\/uploads\/2023\/05\/FC-Ueberetsch.jpg","datePublished":"2023-04-19T15:25:39+00:00","dateModified":"2026-01-21T10:55:26+00:00","description":"La nostra associazione. Da maggio 2019 i tre club calcistici di Appiano, AFC Appiano, AFC Frangarto e AFC Cornaiano, hanno deciso di unire le loro strade.","breadcrumb":{"@id":"https:\/\/fussball-ueberetsch.com\/it\/associazione\/#breadcrumb"},"inLanguage":"it-IT","potentialAction":[{"@type":"ReadAction","target":["https:\/\/fussball-ueberetsch.com\/it\/associazione\/"]}]},{"@type":"ImageObject","inLanguage":"it-IT","@id":"https:\/\/fussball-ueberetsch.com\/it\/associazione\/#primaryimage","url":"https:\/\/fussball-ueberetsch.com\/wp-content\/uploads\/2023\/05\/FC-Ueberetsch.jpg","contentUrl":"https:\/\/fussball-ueberetsch.com\/wp-content\/uploads\/2023\/05\/FC-Ueberetsch.jpg","width":369,"height":369,"caption":"Fu\u00dfball \u00dcberetsch"},{"@type":"BreadcrumbList","@id":"https:\/\/fussball-ueberetsch.com\/it\/associazione\/#breadcrumb","itemListElement":[{"@type":"ListItem","position":1,"name":"Startseite","item":"https:\/\/fussball-ueberetsch.com\/it\/home\/"},{"@type":"ListItem","position":2,"name":"Associazione"}]},{"@type":"WebSite","@id":"https:\/\/fussball-ueberetsch.com\/#website","url":"https:\/\/fussball-ueberetsch.com\/","name":"Fu\u00dfball \u00dcberetsch","description":"","publisher":{"@id":"https:\/\/fussball-ueberetsch.com\/#organization"},"potentialAction":[{"@type":"SearchAction","target":{"@type":"EntryPoint","urlTemplate":"https:\/\/fussball-ueberetsch.com\/?s={search_term_string}"},"query-input":{"@type":"PropertyValueSpecification","valueRequired":true,"valueName":"search_term_string"}}],"inLanguage":"it-IT"},{"@type":"Organization","@id":"https:\/\/fussball-ueberetsch.com\/#organization","name":"Fu\u00dfball \u00dcberetsch","url":"https:\/\/fussball-ueberetsch.com\/","logo":{"@type":"ImageObject","inLanguage":"it-IT","@id":"https:\/\/fussball-ueberetsch.com\/#\/schema\/logo\/image\/","url":"https:\/\/fussball-ueberetsch.com\/wp-content\/uploads\/2023\/05\/FC-Ueberetsch-LOGO_Mobile200px.png","contentUrl":"https:\/\/fussball-ueberetsch.com\/wp-content\/uploads\/2023\/05\/FC-Ueberetsch-LOGO_Mobile200px.png","width":200,"height":200,"caption":"Fu\u00dfball \u00dcberetsch"},"image":{"@id":"https:\/\/fussball-ueberetsch.com\/#\/schema\/logo\/image\/"},"sameAs":["https:\/\/www.facebook.com\/profile.php?id=100039883333394","https:\/\/www.instagram.com\/fussball.ueberetsch\/"]}]}},"_links":{"self":[{"href":"https:\/\/fussball-ueberetsch.com\/it\/wp-json\/wp\/v2\/pages\/854","targetHints":{"allow":["GET"]}}],"collection":[{"href":"https:\/\/fussball-ueberetsch.com\/it\/wp-json\/wp\/v2\/pages"}],"about":[{"href":"https:\/\/fussball-ueberetsch.com\/it\/wp-json\/wp\/v2\/types\/page"}],"author":[{"embeddable":true,"href":"https:\/\/fussball-ueberetsch.com\/it\/wp-json\/wp\/v2\/users\/1"}],"replies":[{"embeddable":true,"href":"https:\/\/fussball-ueberetsch.com\/it\/wp-json\/wp\/v2\/comments?post=854"}],"version-history":[{"count":40,"href":"https:\/\/fussball-ueberetsch.com\/it\/wp-json\/wp\/v2\/pages\/854\/revisions"}],"predecessor-version":[{"id":1951,"href":"https:\/\/fussball-ueberetsch.com\/it\/wp-json\/wp\/v2\/pages\/854\/revisions\/1951"}],"wp:featuredmedia":[{"embeddable":true,"href":"https:\/\/fussball-ueberetsch.com\/it\/wp-json\/wp\/v2\/media\/759"}],"wp:attachment":[{"href":"https:\/\/fussball-ueberetsch.com\/it\/wp-json\/wp\/v2\/media?parent=854"}],"curies":[{"name":"wp","href":"https:\/\/api.w.org\/{rel}","templated":true}]}}